{"id":1595,"date":"2024-06-17T08:51:34","date_gmt":"2024-06-17T06:51:34","guid":{"rendered":"https:\/\/alpenrose.hu\/?page_id=1595"},"modified":"2024-06-17T09:17:34","modified_gmt":"2024-06-17T07:17:34","slug":"f1-osztrak-nagydij-2024","status":"publish","type":"page","link":"https:\/\/alpenrose.hu\/en\/f1-osztrak-nagydij-2024\/","title":{"rendered":"F1 osztr\u00e1k nagyd\u00edj 2024"},"content":{"rendered":"<p>[et_pb_section fb_built=&#8221;1&#8243; _builder_version=&#8221;4.16&#8243; global_colors_info=&#8221;{}&#8221;][et_pb_row column_structure=&#8221;1_2,1_2&#8243; _builder_version=&#8221;4.19.5&#8243; _module_preset=&#8221;default&#8221; global_colors_info=&#8221;{}&#8221;][et_pb_column type=&#8221;1_2&#8243; _builder_version=&#8221;4.19.5&#8243; _module_preset=&#8221;default&#8221; global_colors_info=&#8221;{}&#8221;][et_pb_text _builder_version=&#8221;4.25.1&#8243; _module_preset=&#8221;default&#8221; hover_enabled=&#8221;0&#8243; global_colors_info=&#8221;{}&#8221; sticky_enabled=&#8221;0&#8243;]<\/p>\n<p>Az osztr\u00e1k nagyd\u00edj (AustrianGP) a Formula\u20131 egy kor\u00e1bbi versenye, melyet 2003-ig \u00f6sszesen 26 alkalommal rendeztek meg. Az els\u0151 verseny a Zeltwegi katonai rep\u00fcl\u0151t\u00e9ren folyt, ut\u00e1na az \u00d6sterreichring nev\u0171 p\u00e1ly\u00e1n tartott\u00e1k a versenyt, majd az 1997-es \u00e9vt\u0151l kezdve az abb\u00f3l kialak\u00edtott A1-Ring adott otthont az F1-nek Spielberg telep\u00fcl\u00e9sen. A versenyt legt\u00f6bbsz\u00f6r Max Verstappen nyerte meg. A nagyd\u00edj a 2014-es szezont\u00f3l visszat\u00e9rt \u00e9s a p\u00e1lya nev\u00e9t Red Bull Ring-re keresztelt\u00e9k \u00e1t.<\/p>\n<p>&nbsp;<\/p>\n<h6><strong>FOGLALJON SZ\u00c1LL\u00c1ST A GASTHOF ALPENROSE-BAN:<\/strong><\/h6>\n<p>&nbsp;<\/p>\n<div class=\"x11i5rnm xat24cr x1mh8g0r x1vvkbs xtlvy1s x126k92a\">\n<div dir=\"auto\">\n<ul>\n<li>4 f\u0151s szoba \u20ac140\/\u00e9j\/szoba \u00e1ron (min. 2 \u00e9jszak\u00e1s foglal\u00e1s)<\/li>\n<li>f\u00e9lpanzi\u00f3 (reggeli + vacsora) \u20ac11\/f\u0151 \u00e1ron<\/li>\n<li>ingyen Wi-Fi<\/li>\n<li>k\u00f6zeli sz\u00e1ll\u00e1s<\/li>\n<\/ul>\n<p>Tov\u00e1bbi inform\u00e1ci\u00f3\u00e9rt h\u00edvja\u00a0<strong>Mikit<\/strong>\u00a0(magyarul\/angolul besz\u00e9l\u0151 h\u00e1zigazd\u00e1t) a\u00a0<strong>+36202291660<\/strong>\u00a0sz\u00e1mon.<\/p>\n<\/div>\n<\/div>\n<p>[\/et_pb_text][et_pb_button button_url=&#8221;https:\/\/alpenrose.hu\/foglalas\/&#8221; button_text=&#8221;Foglal\u00e1s&#8221; button_alignment=&#8221;left&#8221; _builder_version=&#8221;4.19.5&#8243; _module_preset=&#8221;default&#8221; custom_button=&#8221;on&#8221; button_bg_color=&#8221;#aa0000&#8243; button_border_width=&#8221;0px&#8221; button_border_radius=&#8221;0px&#8221; background_layout=&#8221;dark&#8221; box_shadow_style=&#8221;preset1&#8243; box_shadow_vertical=&#8221;0px&#8221; box_shadow_blur=&#8221;10px&#8221; box_shadow_spread=&#8221;1px&#8221; global_colors_info=&#8221;{}&#8221;][\/et_pb_button][\/et_pb_column][et_pb_column type=&#8221;1_2&#8243; _builder_version=&#8221;4.19.5&#8243; _module_preset=&#8221;default&#8221; global_colors_info=&#8221;{}&#8221;][et_pb_image src=&#8221;https:\/\/alpenrose.hu\/wp-content\/uploads\/2024\/06\/AustrianGP_1.jpg&#8221; _builder_version=&#8221;4.25.1&#8243; _module_preset=&#8221;default&#8221; global_colors_info=&#8221;{}&#8221;][\/et_pb_image][\/et_pb_column][\/et_pb_row][et_pb_row use_custom_gutter=&#8221;on&#8221; gutter_width=&#8221;2&#8243; _builder_version=&#8221;4.16&#8243; custom_margin=&#8221;|||&#8221; custom_padding=&#8221;||0px||false|false&#8221; animation_style=&#8221;slide&#8221; animation_direction=&#8221;top&#8221; animation_duration=&#8221;1250ms&#8221; animation_intensity_slide=&#8221;1%&#8221; animation_starting_opacity=&#8221;1%&#8221; use_custom_width=&#8221;on&#8221; custom_width_px=&#8221;1280px&#8221; global_colors_info=&#8221;{}&#8221;][et_pb_column type=&#8221;4_4&#8243; _builder_version=&#8221;4.16&#8243; custom_padding=&#8221;0px||0px||false|false&#8221; global_colors_info=&#8221;{}&#8221; custom_padding__hover=&#8221;|||&#8221;][et_pb_gallery gallery_ids=&#8221;1508,882,890,944&#8243; posts_number=&#8221;12&#8243; show_title_and_caption=&#8221;off&#8221; show_pagination=&#8221;off&#8221; hover_icon=&#8221;&#x4e;||divi||400&#8243; _builder_version=&#8221;4.25.1&#8243; custom_padding=&#8221;||0px||false|false&#8221; global_colors_info=&#8221;{}&#8221;][\/et_pb_gallery][\/et_pb_column][\/et_pb_row][\/et_pb_section][et_pb_section fb_built=&#8221;1&#8243; fullwidth=&#8221;on&#8221; _builder_version=&#8221;4.16&#8243; global_colors_info=&#8221;{}&#8221;][et_pb_fullwidth_code _builder_version=&#8221;4.25.1&#8243; global_colors_info=&#8221;{}&#8221;]<iframe width=\"100%\" height=\"400\" frameborder=\"0\" style=\"border:0;\" allowfullscreen=\"\" loading=\"lazy\" referrerpolicy=\"no-referrer-when-downgrade\" src=\"https:\/\/www.google.com\/maps\/embed?pb=!1m28!1m12!1m3!1d347853.56707645097!2d14.687107987014906!3d47.349083068819304!2m3!1f0!2f0!3f0!3m2!1i1024!2i768!4f13.1!4m13!3e0!4m5!1s0x4771eeeb61804efb%3A0x92c19526a0d594ca!2sGasthof%20Alpenrose%2C%20Eisenstr.%205%2C%208794%20Pr%C3%A4bichl%2C%20Ausztria!3m2!1d47.5223777!2d14.9513801!4m5!1s0x4771ceb42b30363d%3A0x7798d905e0e60c3b!2sRed%20Bull%20Ring%2C%20Red%20Bull%20Ring%20Str.%201%2C%208724%20Spielberg%2C%20Ausztria!3m2!1d47.219668399999996!2d14.765113099999999!5e1!3m2!1shu!2shu!4v1718608085919!5m2!1shu!2shu\" width=\"600\" height=\"450\" style=\"border:0;\" allowfullscreen=\"\" loading=\"lazy\" referrerpolicy=\"no-referrer-when-downgrade\"><\/iframe>[\/et_pb_fullwidth_code][\/et_pb_section]<\/p>\n","protected":false},"excerpt":{"rendered":"<p>Az osztr\u00e1k nagyd\u00edj (AustrianGP) a Formula\u20131 egy kor\u00e1bbi versenye, melyet 2003-ig \u00f6sszesen 26 alkalommal rendeztek meg. Az els\u0151 verseny a Zeltwegi katonai rep\u00fcl\u0151t\u00e9ren folyt, ut\u00e1na az \u00d6sterreichring nev\u0171 p\u00e1ly\u00e1n tartott\u00e1k a versenyt, majd az 1997-es \u00e9vt\u0151l kezdve az abb\u00f3l kialak\u00edtott A1-Ring adott otthont az F1-nek Spielberg telep\u00fcl\u00e9sen. A versenyt legt\u00f6bbsz\u00f6r Max Verstappen nyerte meg. A [&hellip;]<\/p>\n","protected":false},"author":3,"featured_media":0,"parent":0,"menu_order":0,"comment_status":"closed","ping_status":"closed","template":"","meta":{"_et_pb_use_builder":"on","_et_pb_old_content":"","_et_gb_content_width":"","footnotes":""},"class_list":["post-1595","page","type-page","status-publish","hentry"],"yoast_head":"<!-- This site is optimized with the Yoast SEO plugin v27.5 - https:\/\/yoast.com\/product\/yoast-seo-wordpress\/ -->\n<title>F1 osztr\u00e1k nagyd\u00edj 2024 - alpenrose.hu<\/title>\n<meta name=\"robots\" content=\"index, follow, max-snippet:-1, max-image-preview:large, max-video-preview:-1\" \/>\n<link rel=\"canonical\" href=\"https:\/\/alpenrose.hu\/en\/f1-osztrak-nagydij-2024\/\" \/>\n<meta property=\"og:locale\" content=\"en_GB\" \/>\n<meta property=\"og:type\" content=\"article\" \/>\n<meta property=\"og:title\" content=\"F1 osztr\u00e1k nagyd\u00edj 2024 - alpenrose.hu\" \/>\n<meta property=\"og:description\" content=\"Az osztr\u00e1k nagyd\u00edj (AustrianGP) a Formula\u20131 egy kor\u00e1bbi versenye, melyet 2003-ig \u00f6sszesen 26 alkalommal rendeztek meg. Az els\u0151 verseny a Zeltwegi katonai rep\u00fcl\u0151t\u00e9ren folyt, ut\u00e1na az \u00d6sterreichring nev\u0171 p\u00e1ly\u00e1n tartott\u00e1k a versenyt, majd az 1997-es \u00e9vt\u0151l kezdve az abb\u00f3l kialak\u00edtott A1-Ring adott otthont az F1-nek Spielberg telep\u00fcl\u00e9sen. A versenyt legt\u00f6bbsz\u00f6r Max Verstappen nyerte meg. A [&hellip;]\" \/>\n<meta property=\"og:url\" content=\"https:\/\/alpenrose.hu\/en\/f1-osztrak-nagydij-2024\/\" \/>\n<meta property=\"og:site_name\" content=\"alpenrose.hu\" \/>\n<meta property=\"article:publisher\" content=\"https:\/\/www.facebook.com\/alpenrose.hu\" \/>\n<meta property=\"article:modified_time\" content=\"2024-06-17T07:17:34+00:00\" \/>\n<meta property=\"og:image\" content=\"https:\/\/alpenrose.hu\/wp-content\/uploads\/2023\/10\/IMG_0437_LR-scaled.jpg\" \/>\n\t<meta property=\"og:image:width\" content=\"2560\" \/>\n\t<meta property=\"og:image:height\" content=\"1921\" \/>\n\t<meta property=\"og:image:type\" content=\"image\/jpeg\" \/>\n<meta name=\"twitter:card\" content=\"summary_large_image\" \/>\n<meta name=\"twitter:label1\" content=\"Estimated reading time\" \/>\n\t<meta name=\"twitter:data1\" content=\"2 minutes\" \/>\n<script type=\"application\/ld+json\" class=\"yoast-schema-graph\">{\"@context\":\"https:\\\/\\\/schema.org\",\"@graph\":[{\"@type\":\"WebPage\",\"@id\":\"https:\\\/\\\/alpenrose.hu\\\/f1-osztrak-nagydij-2024\\\/\",\"url\":\"https:\\\/\\\/alpenrose.hu\\\/f1-osztrak-nagydij-2024\\\/\",\"name\":\"F1 osztr\u00e1k nagyd\u00edj 2024 - alpenrose.hu\",\"isPartOf\":{\"@id\":\"https:\\\/\\\/alpenrose.hu\\\/#website\"},\"datePublished\":\"2024-06-17T06:51:34+00:00\",\"dateModified\":\"2024-06-17T07:17:34+00:00\",\"breadcrumb\":{\"@id\":\"https:\\\/\\\/alpenrose.hu\\\/f1-osztrak-nagydij-2024\\\/#breadcrumb\"},\"inLanguage\":\"en-GB\",\"potentialAction\":[{\"@type\":\"ReadAction\",\"target\":[\"https:\\\/\\\/alpenrose.hu\\\/f1-osztrak-nagydij-2024\\\/\"]}]},{\"@type\":\"BreadcrumbList\",\"@id\":\"https:\\\/\\\/alpenrose.hu\\\/f1-osztrak-nagydij-2024\\\/#breadcrumb\",\"itemListElement\":[{\"@type\":\"ListItem\",\"position\":1,\"name\":\"Kezd\u0151lap\",\"item\":\"https:\\\/\\\/alpenrose.hu\\\/\"},{\"@type\":\"ListItem\",\"position\":2,\"name\":\"F1 osztr\u00e1k nagyd\u00edj 2024\"}]},{\"@type\":\"WebSite\",\"@id\":\"https:\\\/\\\/alpenrose.hu\\\/#website\",\"url\":\"https:\\\/\\\/alpenrose.hu\\\/\",\"name\":\"alpenrose.hu\",\"description\":\"Ausztria, hegyek, t\u00e9lisportok, s\u00edel\u00e9s, p\u00e1lyasz\u00e1ll\u00e1s \u00e9s a hangulat ami a s\u00edel\u00e9s elengedhetetlen r\u00e9sze. Aki volt m\u00e1r s\u00edelni, \u00e1t\u00e9rezte milyen a hegyek k\u00f6z\u00f6tt cs\u00faszni, vagy hogy mit jelent a H\u00fcttebuli. Mi\u00e9rt mi? Budapestr\u0151l 4 \u00f3r\u00e1nyira belecs\u00f6ppen az ember egy m\u00e1sik vil\u00e1gba, ahol kikapcsol\u00f3dhat, felt\u00f6lt\u0151dhet, s\u00edelhet, snowboardozhat. F\u00e9lpanzi\u00f3s ell\u00e1t\u00e1s mellett, klubhelys\u00e9ggel, cs\u00f3cs\u00f3 asztallal \u00e9s h\u00e1zban l\u00e9v\u0151 b\u00e1rral v\u00e1runk Titeket\\\/T\u00e9ged! \u00dcdv a hegyr\u0151l!\",\"publisher\":{\"@id\":\"https:\\\/\\\/alpenrose.hu\\\/#organization\"},\"alternateName\":\"Gasthof Alpenrose - Pr\u00e4bichl, Ausztria\",\"potentialAction\":[{\"@type\":\"SearchAction\",\"target\":{\"@type\":\"EntryPoint\",\"urlTemplate\":\"https:\\\/\\\/alpenrose.hu\\\/?s={search_term_string}\"},\"query-input\":{\"@type\":\"PropertyValueSpecification\",\"valueRequired\":true,\"valueName\":\"search_term_string\"}}],\"inLanguage\":\"en-GB\"},{\"@type\":\"Organization\",\"@id\":\"https:\\\/\\\/alpenrose.hu\\\/#organization\",\"name\":\"alpenrose.hu\",\"url\":\"https:\\\/\\\/alpenrose.hu\\\/\",\"logo\":{\"@type\":\"ImageObject\",\"inLanguage\":\"en-GB\",\"@id\":\"https:\\\/\\\/alpenrose.hu\\\/#\\\/schema\\\/logo\\\/image\\\/\",\"url\":\"https:\\\/\\\/alpenrose.hu\\\/wp-content\\\/uploads\\\/2021\\\/12\\\/14.jpg\",\"contentUrl\":\"https:\\\/\\\/alpenrose.hu\\\/wp-content\\\/uploads\\\/2021\\\/12\\\/14.jpg\",\"width\":1920,\"height\":885,\"caption\":\"alpenrose.hu\"},\"image\":{\"@id\":\"https:\\\/\\\/alpenrose.hu\\\/#\\\/schema\\\/logo\\\/image\\\/\"},\"sameAs\":[\"https:\\\/\\\/www.facebook.com\\\/alpenrose.hu\"]}]}<\/script>\n<!-- \/ Yoast SEO plugin. -->","yoast_head_json":{"title":"F1 osztr\u00e1k nagyd\u00edj 2024 - alpenrose.hu","robots":{"index":"index","follow":"follow","max-snippet":"max-snippet:-1","max-image-preview":"max-image-preview:large","max-video-preview":"max-video-preview:-1"},"canonical":"https:\/\/alpenrose.hu\/en\/f1-osztrak-nagydij-2024\/","og_locale":"en_GB","og_type":"article","og_title":"F1 osztr\u00e1k nagyd\u00edj 2024 - alpenrose.hu","og_description":"Az osztr\u00e1k nagyd\u00edj (AustrianGP) a Formula\u20131 egy kor\u00e1bbi versenye, melyet 2003-ig \u00f6sszesen 26 alkalommal rendeztek meg. Az els\u0151 verseny a Zeltwegi katonai rep\u00fcl\u0151t\u00e9ren folyt, ut\u00e1na az \u00d6sterreichring nev\u0171 p\u00e1ly\u00e1n tartott\u00e1k a versenyt, majd az 1997-es \u00e9vt\u0151l kezdve az abb\u00f3l kialak\u00edtott A1-Ring adott otthont az F1-nek Spielberg telep\u00fcl\u00e9sen. A versenyt legt\u00f6bbsz\u00f6r Max Verstappen nyerte meg. A [&hellip;]","og_url":"https:\/\/alpenrose.hu\/en\/f1-osztrak-nagydij-2024\/","og_site_name":"alpenrose.hu","article_publisher":"https:\/\/www.facebook.com\/alpenrose.hu","article_modified_time":"2024-06-17T07:17:34+00:00","og_image":[{"width":2560,"height":1921,"url":"https:\/\/alpenrose.hu\/wp-content\/uploads\/2023\/10\/IMG_0437_LR-scaled.jpg","type":"image\/jpeg"}],"twitter_card":"summary_large_image","twitter_misc":{"Estimated reading time":"2 minutes"},"schema":{"@context":"https:\/\/schema.org","@graph":[{"@type":"WebPage","@id":"https:\/\/alpenrose.hu\/f1-osztrak-nagydij-2024\/","url":"https:\/\/alpenrose.hu\/f1-osztrak-nagydij-2024\/","name":"F1 osztr\u00e1k nagyd\u00edj 2024 - alpenrose.hu","isPartOf":{"@id":"https:\/\/alpenrose.hu\/#website"},"datePublished":"2024-06-17T06:51:34+00:00","dateModified":"2024-06-17T07:17:34+00:00","breadcrumb":{"@id":"https:\/\/alpenrose.hu\/f1-osztrak-nagydij-2024\/#breadcrumb"},"inLanguage":"en-GB","potentialAction":[{"@type":"ReadAction","target":["https:\/\/alpenrose.hu\/f1-osztrak-nagydij-2024\/"]}]},{"@type":"BreadcrumbList","@id":"https:\/\/alpenrose.hu\/f1-osztrak-nagydij-2024\/#breadcrumb","itemListElement":[{"@type":"ListItem","position":1,"name":"Kezd\u0151lap","item":"https:\/\/alpenrose.hu\/"},{"@type":"ListItem","position":2,"name":"F1 osztr\u00e1k nagyd\u00edj 2024"}]},{"@type":"WebSite","@id":"https:\/\/alpenrose.hu\/#website","url":"https:\/\/alpenrose.hu\/","name":"alpenrose.hu","description":"Ausztria, hegyek, t\u00e9lisportok, s\u00edel\u00e9s, p\u00e1lyasz\u00e1ll\u00e1s \u00e9s a hangulat ami a s\u00edel\u00e9s elengedhetetlen r\u00e9sze. Aki volt m\u00e1r s\u00edelni, \u00e1t\u00e9rezte milyen a hegyek k\u00f6z\u00f6tt cs\u00faszni, vagy hogy mit jelent a H\u00fcttebuli. Mi\u00e9rt mi? Budapestr\u0151l 4 \u00f3r\u00e1nyira belecs\u00f6ppen az ember egy m\u00e1sik vil\u00e1gba, ahol kikapcsol\u00f3dhat, felt\u00f6lt\u0151dhet, s\u00edelhet, snowboardozhat. F\u00e9lpanzi\u00f3s ell\u00e1t\u00e1s mellett, klubhelys\u00e9ggel, cs\u00f3cs\u00f3 asztallal \u00e9s h\u00e1zban l\u00e9v\u0151 b\u00e1rral v\u00e1runk Titeket\/T\u00e9ged! \u00dcdv a hegyr\u0151l!","publisher":{"@id":"https:\/\/alpenrose.hu\/#organization"},"alternateName":"Gasthof Alpenrose - Pr\u00e4bichl, Ausztria","potentialAction":[{"@type":"SearchAction","target":{"@type":"EntryPoint","urlTemplate":"https:\/\/alpenrose.hu\/?s={search_term_string}"},"query-input":{"@type":"PropertyValueSpecification","valueRequired":true,"valueName":"search_term_string"}}],"inLanguage":"en-GB"},{"@type":"Organization","@id":"https:\/\/alpenrose.hu\/#organization","name":"alpenrose.hu","url":"https:\/\/alpenrose.hu\/","logo":{"@type":"ImageObject","inLanguage":"en-GB","@id":"https:\/\/alpenrose.hu\/#\/schema\/logo\/image\/","url":"https:\/\/alpenrose.hu\/wp-content\/uploads\/2021\/12\/14.jpg","contentUrl":"https:\/\/alpenrose.hu\/wp-content\/uploads\/2021\/12\/14.jpg","width":1920,"height":885,"caption":"alpenrose.hu"},"image":{"@id":"https:\/\/alpenrose.hu\/#\/schema\/logo\/image\/"},"sameAs":["https:\/\/www.facebook.com\/alpenrose.hu"]}]}},"_links":{"self":[{"href":"https:\/\/alpenrose.hu\/en\/wp-json\/wp\/v2\/pages\/1595","targetHints":{"allow":["GET"]}}],"collection":[{"href":"https:\/\/alpenrose.hu\/en\/wp-json\/wp\/v2\/pages"}],"about":[{"href":"https:\/\/alpenrose.hu\/en\/wp-json\/wp\/v2\/types\/page"}],"author":[{"embeddable":true,"href":"https:\/\/alpenrose.hu\/en\/wp-json\/wp\/v2\/users\/3"}],"replies":[{"embeddable":true,"href":"https:\/\/alpenrose.hu\/en\/wp-json\/wp\/v2\/comments?post=1595"}],"version-history":[{"count":15,"href":"https:\/\/alpenrose.hu\/en\/wp-json\/wp\/v2\/pages\/1595\/revisions"}],"predecessor-version":[{"id":1630,"href":"https:\/\/alpenrose.hu\/en\/wp-json\/wp\/v2\/pages\/1595\/revisions\/1630"}],"wp:attachment":[{"href":"https:\/\/alpenrose.hu\/en\/wp-json\/wp\/v2\/media?parent=1595"}],"curies":[{"name":"wp","href":"https:\/\/api.w.org\/{rel}","templated":true}]}}